{"id":15,"date":"2023-12-12T16:35:45","date_gmt":"2023-12-12T16:35:45","guid":{"rendered":"https:\/\/www.mobilalacomandamures.ro\/?page_id=15"},"modified":"2024-01-26T08:02:33","modified_gmt":"2024-01-26T06:02:33","slug":"portofoliu","status":"publish","type":"page","link":"https:\/\/www.mobilalacomandamures.ro\/en\/portofoliu\/","title":{"rendered":"PORTOFOLIO"},"content":{"rendered":"<p>[et_pb_section fb_built=&#8221;1&#8243; admin_label=&#8221;Hero&#8221; _builder_version=&#8221;4.24.0&#8243; use_background_color_gradient=&#8221;on&#8221; background_color_gradient_type=&#8221;circular&#8221; background_color_gradient_direction_radial=&#8221;top right&#8221; background_color_gradient_stops=&#8221;rgba(10,10,10,0.51) 100%|rgba(33,25,21,0) 100%&#8221; background_color_gradient_overlays_image=&#8221;on&#8221; background_color_gradient_start=&#8221;#210b00&#8243; background_color_gradient_start_position=&#8221;10%&#8221; background_color_gradient_end=&#8221;rgba(33,25,21,0)&#8221; background_image=&#8221;https:\/\/www.mobilalacomandamures.ro\/wp-content\/uploads\/2023\/12\/me25737694_aa_fot_fo_bau_-sall_-amc_-v1_2560x2560.jpg&#8221; custom_margin=&#8221;0px||||false|false&#8221; custom_padding=&#8221;110px|0|110px||true|false&#8221; hover_enabled=&#8221;0&#8243; locked=&#8221;off&#8221; global_colors_info=&#8221;{}&#8221; custom_padding_last_edited=&#8221;on|desktop&#8221; custom_padding_phone=&#8221;60px|0|0px||false|false&#8221; sticky_enabled=&#8221;0&#8243; custom_padding_tablet=&#8221;80px||80px||true|false&#8221;][et_pb_row _builder_version=&#8221;4.16&#8243; custom_padding=&#8221;27px|0px|27px|0px|false|false&#8221; global_colors_info=&#8221;{}&#8221;][et_pb_column type=&#8221;4_4&#8243; _builder_version=&#8221;4.16&#8243; custom_padding=&#8221;|||&#8221; global_colors_info=&#8221;{}&#8221; custom_padding__hover=&#8221;|||&#8221;][et_pb_text _builder_version=&#8221;4.23.4&#8243; text_font=&#8221;Open Sans||||||||&#8221; text_font_size=&#8221;20px&#8221; text_line_height=&#8221;2em&#8221; header_font=&#8221;|800||on|||||&#8221; header_font_size=&#8221;68px&#8221; header_line_height=&#8221;1.4em&#8221; background_layout=&#8221;dark&#8221; max_width=&#8221;700px&#8221; text_font_size_tablet=&#8221;&#8221; text_font_size_phone=&#8221;16px&#8221; text_font_size_last_edited=&#8221;on|phone&#8221; header_font_size_tablet=&#8221;44px&#8221; header_font_size_phone=&#8221;24px&#8221; header_font_size_last_edited=&#8221;on|desktop&#8221; header_line_height_tablet=&#8221;1.4em&#8221; header_line_height_phone=&#8221;1.4em&#8221; header_line_height_last_edited=&#8221;on|desktop&#8221; global_colors_info=&#8221;{}&#8221;]<\/p>\n<h1>Our projects<\/h1>\n<p>Discover our portfolio and be inspired by our projects.\u00a0<\/p>\n<p>&nbsp;<\/p>\n<p>&nbsp;<\/p>\n<p>&nbsp;<\/p>\n<p>[\/et_pb_text][\/et_pb_column][\/et_pb_row][\/et_pb_section][et_pb_section fb_built=&#8221;1&#8243; admin_label=&#8221;Gallery&#8221; _builder_version=&#8221;4.16&#8243; _module_preset=&#8221;default&#8221; locked=&#8221;off&#8221; global_colors_info=&#8221;{}&#8221;][et_pb_row column_structure=&#8221;1_2,1_2&#8243; use_custom_gutter=&#8221;on&#8221; gutter_width=&#8221;2&#8243; make_equal=&#8221;on&#8221; _builder_version=&#8221;4.24.0&#8243; _module_preset=&#8221;default&#8221; custom_margin=&#8221;-24px|auto||auto||&#8221; custom_padding=&#8221;21px|||||&#8221; locked=&#8221;off&#8221; global_colors_info=&#8221;{}&#8221; custom_padding__hover_enabled=&#8221;off|desktop&#8221;][et_pb_column type=&#8221;1_2&#8243; _builder_version=&#8221;4.24.0&#8243; _module_preset=&#8221;default&#8221; background_enable_color=&#8221;off&#8221; use_background_color_gradient=&#8221;on&#8221; background_color_gradient_stops=&#8221;rgba(48,48,48,0.61) 0%|rgba(255,255,255,0) 100%&#8221; background_color_gradient_overlays_image=&#8221;on&#8221; background_image=&#8221;https:\/\/www.mobilalacomandamures.ro\/wp-content\/uploads\/2024\/01\/mobila-la-comanda-mures-extramob-21.jpg&#8221; background_size=&#8221;custom&#8221; background_image_width=&#8221;110%&#8221; custom_padding=&#8221;80px|80px|80px|80px|true|true&#8221; custom_padding_tablet=&#8221;50px|50px|50px|50px|true|true&#8221; custom_padding_phone=&#8221;30px|30px|30px|30px|true|true&#8221; custom_padding_last_edited=&#8221;on|phone&#8221; link_option_url=&#8221;https:\/\/www.mobilalacomandamures.ro\/mobila-de-bucatarie-la-comanda-mures\/&#8221; border_radii=&#8221;on|15px|15px|15px|15px&#8221; border_color_all=&#8221;#e9eceb&#8221; global_colors_info=&#8221;{}&#8221; background__hover_enabled=&#8221;on|hover&#8221; use_background_color_gradient__hover=&#8221;off&#8221;][et_pb_text _builder_version=&#8221;4.24.0&#8243; _module_preset=&#8221;aaa7c440-590a-4078-ae0c-0f3c699ac51c&#8221; text_font=&#8221;Roboto||||||||&#8221; header_2_font=&#8221;Poppins|600|||||||&#8221; header_2_text_color=&#8221;#FFFFFF&#8221; header_2_font_size=&#8221;48px&#8221; header_2_line_height=&#8221;1.2em&#8221; header_3_font=&#8221;Montserrat|600||on|||||&#8221; header_3_text_color=&#8221;#FFFFFF&#8221; header_3_font_size=&#8221;25px&#8221; header_3_line_height=&#8221;1.1em&#8221; text_orientation=&#8221;center&#8221; width=&#8221;100%&#8221; max_width=&#8221;100%&#8221; custom_margin=&#8221;40px||65px|||&#8221; header_2_font_size_tablet=&#8221;32px&#8221; header_2_font_size_phone=&#8221;20px&#8221; header_2_font_size_last_edited=&#8221;on|desktop&#8221; header_3_font_size_tablet=&#8221;25px&#8221; header_3_font_size_phone=&#8221;22px&#8221; header_3_font_size_last_edited=&#8221;on|phone&#8221; global_colors_info=&#8221;{}&#8221;]<\/p>\n<h3>Kitchen furniture<\/h3>\n<p>[\/et_pb_text][\/et_pb_column][et_pb_column type=&#8221;1_2&#8243; _builder_version=&#8221;4.24.0&#8243; _module_preset=&#8221;default&#8221; background_enable_color=&#8221;off&#8221; use_background_color_gradient=&#8221;on&#8221; background_color_gradient_stops=&#8221;rgba(48,48,48,0.61) 0%|rgba(255,255,255,0) 100%&#8221; background_color_gradient_overlays_image=&#8221;on&#8221; background_image=&#8221;https:\/\/www.mobilalacomandamures.ro\/wp-content\/uploads\/2024\/01\/mobilier-spatii-comerciale-la-comanda-mures-extramob-receptie-hotel.jpg&#8221; background_size=&#8221;custom&#8221; background_image_width=&#8221;110%&#8221; custom_padding=&#8221;80px|80px|80px|80px|true|true&#8221; custom_padding_tablet=&#8221;50px|50px|50px|50px|true|true&#8221; custom_padding_phone=&#8221;30px|30px|30px|30px|true|true&#8221; custom_padding_last_edited=&#8221;on|phone&#8221; link_option_url=&#8221;https:\/\/www.mobilalacomandamures.ro\/mobilier-spatii-comerciale-la-comanda\/&#8221; border_radii=&#8221;on|15px|15px|15px|15px&#8221; border_color_all=&#8221;#e9eceb&#8221; global_colors_info=&#8221;{}&#8221; background__hover_enabled=&#8221;on|hover&#8221; use_background_color_gradient__hover=&#8221;off&#8221;][et_pb_text _builder_version=&#8221;4.24.0&#8243; _module_preset=&#8221;aaa7c440-590a-4078-ae0c-0f3c699ac51c&#8221; text_font=&#8221;Roboto||||||||&#8221; header_2_font=&#8221;Poppins|600|||||||&#8221; header_2_text_color=&#8221;#FFFFFF&#8221; header_2_font_size=&#8221;48px&#8221; header_2_line_height=&#8221;1.2em&#8221; header_3_font=&#8221;Montserrat|600||on|||||&#8221; header_3_text_color=&#8221;#FFFFFF&#8221; header_3_line_height=&#8221;1.1em&#8221; text_orientation=&#8221;center&#8221; width=&#8221;100%&#8221; max_width=&#8221;100%&#8221; custom_margin=&#8221;40px||65px|||&#8221; header_2_font_size_tablet=&#8221;32px&#8221; header_2_font_size_phone=&#8221;20px&#8221; header_2_font_size_last_edited=&#8221;on|desktop&#8221; locked=&#8221;off&#8221; global_colors_info=&#8221;{}&#8221;]<\/p>\n<h3>Furniture for Commercial Spaces:<\/h3>\n<p>[\/et_pb_text][\/et_pb_column][\/et_pb_row][et_pb_row use_custom_gutter=&#8221;on&#8221; gutter_width=&#8221;2&#8243; make_equal=&#8221;on&#8221; _builder_version=&#8221;4.24.0&#8243; _module_preset=&#8221;default&#8221; custom_margin=&#8221;-24px|auto||auto||&#8221; custom_padding=&#8221;21px|||||&#8221; locked=&#8221;off&#8221; global_colors_info=&#8221;{}&#8221; custom_padding__hover_enabled=&#8221;off|desktop&#8221;][et_pb_column type=&#8221;4_4&#8243; _builder_version=&#8221;4.24.0&#8243; _module_preset=&#8221;default&#8221; background_enable_color=&#8221;off&#8221; use_background_color_gradient=&#8221;on&#8221; background_color_gradient_stops=&#8221;rgba(48,48,48,0.61) 0%|rgba(255,255,255,0) 100%&#8221; background_color_gradient_overlays_image=&#8221;on&#8221; background_image=&#8221;https:\/\/www.mobilalacomandamures.ro\/wp-content\/uploads\/2024\/01\/mobilier-camera-copii-la-comand-extramob-1.jpg&#8221; background_size=&#8221;custom&#8221; background_image_width=&#8221;110%&#8221; custom_padding=&#8221;80px|80px|80px|80px|true|true&#8221; custom_padding_tablet=&#8221;50px|50px|50px|50px|true|true&#8221; custom_padding_phone=&#8221;30px|30px|30px|30px|true|true&#8221; custom_padding_last_edited=&#8221;on|phone&#8221; link_option_url=&#8221;https:\/\/www.mobilalacomandamures.ro\/mobilier-pentru-copii-la-comanda\/&#8221; border_radii=&#8221;on|15px|15px|15px|15px&#8221; border_color_all=&#8221;#e9eceb&#8221; global_colors_info=&#8221;{}&#8221; background__hover_enabled=&#8221;on|hover&#8221; use_background_color_gradient__hover=&#8221;off&#8221;][et_pb_text _builder_version=&#8221;4.24.0&#8243; _module_preset=&#8221;aaa7c440-590a-4078-ae0c-0f3c699ac51c&#8221; text_font=&#8221;Roboto||||||||&#8221; header_2_font=&#8221;Poppins|600|||||||&#8221; header_2_text_color=&#8221;#FFFFFF&#8221; header_2_font_size=&#8221;48px&#8221; header_2_line_height=&#8221;1.2em&#8221; header_3_font=&#8221;Montserrat|600||on|||||&#8221; header_3_text_color=&#8221;#FFFFFF&#8221; header_3_line_height=&#8221;1.1em&#8221; text_orientation=&#8221;center&#8221; width=&#8221;100%&#8221; max_width=&#8221;100%&#8221; custom_margin=&#8221;40px||65px|||&#8221; header_2_font_size_tablet=&#8221;32px&#8221; header_2_font_size_phone=&#8221;20px&#8221; header_2_font_size_last_edited=&#8221;on|desktop&#8221; global_colors_info=&#8221;{}&#8221;]<\/p>\n<h3>Furniture for children<\/h3>\n<p>[\/et_pb_text][\/et_pb_column][\/et_pb_row][et_pb_row column_structure=&#8221;1_2,1_2&#8243; use_custom_gutter=&#8221;on&#8221; gutter_width=&#8221;2&#8243; make_equal=&#8221;on&#8221; _builder_version=&#8221;4.24.0&#8243; _module_preset=&#8221;default&#8221; custom_margin=&#8221;-24px|auto||auto||&#8221; custom_padding=&#8221;21px|||||&#8221; locked=&#8221;off&#8221; global_colors_info=&#8221;{}&#8221; custom_padding__hover_enabled=&#8221;off|desktop&#8221;][et_pb_column type=&#8221;1_2&#8243; _builder_version=&#8221;4.24.0&#8243; _module_preset=&#8221;default&#8221; background_enable_color=&#8221;off&#8221; use_background_color_gradient=&#8221;on&#8221; background_color_gradient_stops=&#8221;rgba(48,48,48,0.61) 0%|rgba(255,255,255,0) 100%&#8221; background_color_gradient_overlays_image=&#8221;on&#8221; background_image=&#8221;https:\/\/www.mobilalacomandamures.ro\/wp-content\/uploads\/2024\/01\/Screenshot-2024-01-16-231402.png&#8221; background_size=&#8221;custom&#8221; background_image_width=&#8221;110%&#8221; custom_padding=&#8221;80px|80px|80px|80px|true|true&#8221; custom_padding_tablet=&#8221;50px|50px|50px|50px|true|true&#8221; custom_padding_phone=&#8221;30px|30px|30px|30px|true|true&#8221; custom_padding_last_edited=&#8221;on|phone&#8221; link_option_url=&#8221;https:\/\/www.mobilalacomandamures.ro\/mobilier-de-living-la-comanda\/&#8221; border_radii=&#8221;on|15px|15px|15px|15px&#8221; border_color_all=&#8221;#e9eceb&#8221; global_colors_info=&#8221;{}&#8221; background__hover_enabled=&#8221;on|hover&#8221; use_background_color_gradient__hover=&#8221;off&#8221;][et_pb_text _builder_version=&#8221;4.24.0&#8243; _module_preset=&#8221;aaa7c440-590a-4078-ae0c-0f3c699ac51c&#8221; text_font=&#8221;Roboto||||||||&#8221; header_2_font=&#8221;Poppins|600|||||||&#8221; header_2_text_color=&#8221;#FFFFFF&#8221; header_2_font_size=&#8221;48px&#8221; header_2_line_height=&#8221;1.2em&#8221; header_3_font=&#8221;Montserrat|600||on|||||&#8221; header_3_text_color=&#8221;#FFFFFF&#8221; header_3_line_height=&#8221;1.1em&#8221; text_orientation=&#8221;center&#8221; width=&#8221;100%&#8221; max_width=&#8221;100%&#8221; custom_margin=&#8221;40px||65px|||&#8221; header_2_font_size_tablet=&#8221;32px&#8221; header_2_font_size_phone=&#8221;20px&#8221; header_2_font_size_last_edited=&#8221;on|desktop&#8221; global_colors_info=&#8221;{}&#8221;]<\/p>\n<h3>Living room furniture<\/h3>\n<p>[\/et_pb_text][\/et_pb_column][et_pb_column type=&#8221;1_2&#8243; _builder_version=&#8221;4.24.0&#8243; _module_preset=&#8221;default&#8221; background_enable_color=&#8221;off&#8221; use_background_color_gradient=&#8221;on&#8221; background_color_gradient_stops=&#8221;rgba(48,48,48,0.61) 0%|rgba(255,255,255,0) 100%&#8221; background_color_gradient_overlays_image=&#8221;on&#8221; background_image=&#8221;https:\/\/www.mobilalacomandamures.ro\/wp-content\/uploads\/2024\/01\/mobilier-baie-la-comanda-extramob-targumures-9.jpg&#8221; background_size=&#8221;custom&#8221; background_image_width=&#8221;100%&#8221; custom_padding=&#8221;80px|80px|80px|80px|true|true&#8221; custom_padding_tablet=&#8221;50px|50px|50px|50px|true|true&#8221; custom_padding_phone=&#8221;30px|30px|30px|30px|true|true&#8221; custom_padding_last_edited=&#8221;on|phone&#8221; link_option_url=&#8221;https:\/\/www.mobilalacomandamures.ro\/mobilier-de-baie-la-comanda\/&#8221; border_radii=&#8221;on|15px|15px|15px|15px&#8221; border_color_all=&#8221;#e9eceb&#8221; global_colors_info=&#8221;{}&#8221; background__hover_enabled=&#8221;on|hover&#8221; use_background_color_gradient__hover=&#8221;off&#8221;][et_pb_text _builder_version=&#8221;4.24.0&#8243; _module_preset=&#8221;aaa7c440-590a-4078-ae0c-0f3c699ac51c&#8221; text_font=&#8221;Roboto||||||||&#8221; header_2_font=&#8221;Poppins|600|||||||&#8221; header_2_text_color=&#8221;#FFFFFF&#8221; header_2_font_size=&#8221;48px&#8221; header_2_line_height=&#8221;1.2em&#8221; header_3_font=&#8221;Montserrat|600||on|||||&#8221; header_3_text_color=&#8221;#FFFFFF&#8221; header_3_line_height=&#8221;1.1em&#8221; text_orientation=&#8221;center&#8221; width=&#8221;100%&#8221; max_width=&#8221;100%&#8221; custom_margin=&#8221;40px||65px|||&#8221; header_2_font_size_tablet=&#8221;32px&#8221; header_2_font_size_phone=&#8221;20px&#8221; header_2_font_size_last_edited=&#8221;on|desktop&#8221; locked=&#8221;off&#8221; global_colors_info=&#8221;{}&#8221;]<\/p>\n<h3>Bathroom furniture<\/h3>\n<p>[\/et_pb_text][\/et_pb_column][\/et_pb_row][et_pb_row column_structure=&#8221;1_2,1_2&#8243; use_custom_gutter=&#8221;on&#8221; gutter_width=&#8221;2&#8243; make_equal=&#8221;on&#8221; _builder_version=&#8221;4.24.0&#8243; _module_preset=&#8221;default&#8221; custom_margin=&#8221;-24px|auto||auto||&#8221; custom_padding=&#8221;21px|||||&#8221; locked=&#8221;off&#8221; global_colors_info=&#8221;{}&#8221; custom_padding__hover_enabled=&#8221;off|desktop&#8221;][et_pb_column type=&#8221;1_2&#8243; _builder_version=&#8221;4.24.0&#8243; _module_preset=&#8221;default&#8221; background_enable_color=&#8221;off&#8221; use_background_color_gradient=&#8221;on&#8221; background_color_gradient_stops=&#8221;rgba(48,48,48,0.61) 0%|rgba(255,255,255,0) 100%&#8221; background_color_gradient_overlays_image=&#8221;on&#8221; background_image=&#8221;https:\/\/www.mobilalacomandamures.ro\/wp-content\/uploads\/2024\/01\/Screenshot-2024-01-16-231444-1-1.png&#8221; background_size=&#8221;custom&#8221; background_image_width=&#8221;110%&#8221; custom_padding=&#8221;80px|80px|80px|80px|true|true&#8221; custom_padding_tablet=&#8221;50px|50px|50px|50px|true|true&#8221; custom_padding_phone=&#8221;30px|30px|30px|30px|true|true&#8221; custom_padding_last_edited=&#8221;on|phone&#8221; link_option_url=&#8221; https:\/\/www.mobilalacomandamures.ro\/panouri-riflate\/&#8221; border_radii=&#8221;on|15px|15px|15px|15px&#8221; border_color_all=&#8221;#e9eceb&#8221; global_colors_info=&#8221;{}&#8221; background__hover_enabled=&#8221;on|hover&#8221; use_background_color_gradient__hover=&#8221;off&#8221;][et_pb_text _builder_version=&#8221;4.24.0&#8243; _module_preset=&#8221;aaa7c440-590a-4078-ae0c-0f3c699ac51c&#8221; text_font=&#8221;Roboto||||||||&#8221; header_2_font=&#8221;Poppins|600|||||||&#8221; header_2_text_color=&#8221;#FFFFFF&#8221; header_2_font_size=&#8221;48px&#8221; header_2_line_height=&#8221;1.2em&#8221; header_3_font=&#8221;Montserrat|600||on|||||&#8221; header_3_text_color=&#8221;#FFFFFF&#8221; header_3_line_height=&#8221;1.1em&#8221; text_orientation=&#8221;center&#8221; width=&#8221;100%&#8221; max_width=&#8221;100%&#8221; custom_margin=&#8221;40px||65px|||&#8221; header_2_font_size_tablet=&#8221;32px&#8221; header_2_font_size_phone=&#8221;20px&#8221; header_2_font_size_last_edited=&#8221;on|desktop&#8221; global_colors_info=&#8221;{}&#8221;]<\/p>\n<h3>Ribbed panels<\/h3>\n<p>[\/et_pb_text][\/et_pb_column][et_pb_column type=&#8221;1_2&#8243; _builder_version=&#8221;4.24.0&#8243; _module_preset=&#8221;default&#8221; background_enable_color=&#8221;off&#8221; use_background_color_gradient=&#8221;on&#8221; background_color_gradient_stops=&#8221;rgba(48,48,48,0.61) 0%|rgba(255,255,255,0) 100%&#8221; background_color_gradient_overlays_image=&#8221;on&#8221; background_image=&#8221;https:\/\/www.mobilalacomandamures.ro\/wp-content\/uploads\/2024\/01\/mobila-la-comanda-mures-extramob-inspiring-projects-6.png&#8221; background_size=&#8221;custom&#8221; background_image_width=&#8221;110%&#8221; custom_padding=&#8221;80px|80px|80px|80px|true|true&#8221; custom_padding_tablet=&#8221;50px|50px|50px|50px|true|true&#8221; custom_padding_phone=&#8221;30px|30px|30px|30px|true|true&#8221; custom_padding_last_edited=&#8221;on|phone&#8221; link_option_url=&#8221;https:\/\/www.mobilalacomandamures.ro\/inspiring\/&#8221; border_radii=&#8221;on|15px|15px|15px|15px&#8221; border_color_all=&#8221;#e9eceb&#8221; global_colors_info=&#8221;{}&#8221; background__hover_enabled=&#8221;on|hover&#8221; use_background_color_gradient__hover=&#8221;off&#8221;][et_pb_text _builder_version=&#8221;4.24.0&#8243; _module_preset=&#8221;aaa7c440-590a-4078-ae0c-0f3c699ac51c&#8221; text_font=&#8221;Roboto||||||||&#8221; header_2_font=&#8221;Poppins|600|||||||&#8221; header_2_text_color=&#8221;#FFFFFF&#8221; header_2_font_size=&#8221;48px&#8221; header_2_line_height=&#8221;1.2em&#8221; header_3_font=&#8221;Montserrat|600||on|||||&#8221; header_3_text_color=&#8221;#FFFFFF&#8221; header_3_line_height=&#8221;1.1em&#8221; text_orientation=&#8221;center&#8221; width=&#8221;100%&#8221; max_width=&#8221;100%&#8221; custom_margin=&#8221;40px||65px|||&#8221; header_2_font_size_tablet=&#8221;32px&#8221; header_2_font_size_phone=&#8221;20px&#8221; header_2_font_size_last_edited=&#8221;on|desktop&#8221; locked=&#8221;off&#8221; global_colors_info=&#8221;{}&#8221;]<\/p>\n<h3>Inspiring<\/h3>\n<p>[\/et_pb_text][\/et_pb_column][\/et_pb_row][\/et_pb_section]<\/p>","protected":false},"excerpt":{"rendered":"<p>Proiectele noastre Descoperi\u021bi portofoliul nostru si l\u0103sa\u021bi-v\u0103 inspira\u021bi de proiectele noastre.\u00a0 &nbsp; &nbsp; &nbsp;Mobil\u0103 buc\u0103t\u0103rieMobilier spa\u021bii comercialeMobilier pentru copiiMobilier de livingMobilier de baiePanouri riflateInspiring<\/p>","protected":false},"author":2,"featured_media":0,"parent":0,"menu_order":0,"comment_status":"closed","ping_status":"closed","template":"","meta":{"_et_pb_use_builder":"on","_et_pb_old_content":"","_et_gb_content_width":"","footnotes":""},"class_list":["post-15","page","type-page","status-publish","hentry"],"yoast_head":"<!-- This site is optimized with the Yoast SEO plugin v24.3 - https:\/\/yoast.com\/wordpress\/plugins\/seo\/ -->\n<title>PORTOFOLIU | Mobil\u0103 la comand\u0103 Mure\u0219 | EXTRA MOB SRL<\/title>\n<meta name=\"robots\" content=\"index, follow, max-snippet:-1, max-image-preview:large, max-video-preview:-1\" \/>\n<link rel=\"canonical\" href=\"https:\/\/www.mobilalacomandamures.ro\/en\/portofoliu\/\" \/>\n<meta property=\"og:locale\" content=\"en_US\" \/>\n<meta property=\"og:type\" content=\"article\" \/>\n<meta property=\"og:title\" content=\"PORTOFOLIU | Mobil\u0103 la comand\u0103 Mure\u0219 | EXTRA MOB SRL\" \/>\n<meta property=\"og:description\" content=\"Proiectele noastre Descoperi\u021bi portofoliul nostru si l\u0103sa\u021bi-v\u0103 inspira\u021bi de proiectele noastre.\u00a0 &nbsp; &nbsp; &nbsp;Mobil\u0103 buc\u0103t\u0103rieMobilier spa\u021bii comercialeMobilier pentru copiiMobilier de livingMobilier de baiePanouri riflateInspiring\" \/>\n<meta property=\"og:url\" content=\"https:\/\/www.mobilalacomandamures.ro\/en\/portofoliu\/\" \/>\n<meta property=\"og:site_name\" content=\"Mobil\u0103 la comand\u0103 Mure\u0219 | EXTRA MOB SRL\" \/>\n<meta property=\"article:publisher\" content=\"https:\/\/www.facebook.com\/extramobmures\" \/>\n<meta property=\"article:modified_time\" content=\"2024-01-26T06:02:33+00:00\" \/>\n<meta property=\"og:image\" content=\"https:\/\/www.mobilalacomandamures.ro\/wp-content\/uploads\/2023\/12\/Adauga-un-antet-2.jpg\" \/>\n\t<meta property=\"og:image:width\" content=\"800\" \/>\n\t<meta property=\"og:image:height\" content=\"480\" \/>\n\t<meta property=\"og:image:type\" content=\"image\/jpeg\" \/>\n<meta name=\"twitter:card\" content=\"summary_large_image\" \/>\n<meta name=\"twitter:label1\" content=\"Est. reading time\" \/>\n\t<meta name=\"twitter:data1\" content=\"9 minutes\" \/>\n<script type=\"application\/ld+json\" class=\"yoast-schema-graph\">{\"@context\":\"https:\/\/schema.org\",\"@graph\":[{\"@type\":\"WebPage\",\"@id\":\"https:\/\/www.mobilalacomandamures.ro\/portofoliu\/\",\"url\":\"https:\/\/www.mobilalacomandamures.ro\/portofoliu\/\",\"name\":\"PORTOFOLIU | Mobil\u0103 la comand\u0103 Mure\u0219 | EXTRA MOB SRL\",\"isPartOf\":{\"@id\":\"https:\/\/www.mobilalacomandamures.ro\/#website\"},\"datePublished\":\"2023-12-12T16:35:45+00:00\",\"dateModified\":\"2024-01-26T06:02:33+00:00\",\"breadcrumb\":{\"@id\":\"https:\/\/www.mobilalacomandamures.ro\/portofoliu\/#breadcrumb\"},\"inLanguage\":\"en-US\",\"potentialAction\":[{\"@type\":\"ReadAction\",\"target\":[\"https:\/\/www.mobilalacomandamures.ro\/portofoliu\/\"]}]},{\"@type\":\"BreadcrumbList\",\"@id\":\"https:\/\/www.mobilalacomandamures.ro\/portofoliu\/#breadcrumb\",\"itemListElement\":[{\"@type\":\"ListItem\",\"position\":1,\"name\":\"Home\",\"item\":\"https:\/\/www.mobilalacomandamures.ro\/\"},{\"@type\":\"ListItem\",\"position\":2,\"name\":\"PORTOFOLIU\"}]},{\"@type\":\"WebSite\",\"@id\":\"https:\/\/www.mobilalacomandamures.ro\/#website\",\"url\":\"https:\/\/www.mobilalacomandamures.ro\/\",\"name\":\"Mobila la comanda Targu Mure\u0219 | Extra Mob\",\"description\":\"Mobil\u0103 de buc\u0103t\u0103rie la comand\u0103, mobilier comercial al comanda, Dormitoare la comand\u0103, Proiectare mobilier 3D, Montaj mobilier, debitare, c\u0103ntuire PAL, MDF\",\"publisher\":{\"@id\":\"https:\/\/www.mobilalacomandamures.ro\/#organization\"},\"alternateName\":\"Extra Mob | Mobila la comanda Targu Mure\u0219\",\"potentialAction\":[{\"@type\":\"SearchAction\",\"target\":{\"@type\":\"EntryPoint\",\"urlTemplate\":\"https:\/\/www.mobilalacomandamures.ro\/?s={search_term_string}\"},\"query-input\":{\"@type\":\"PropertyValueSpecification\",\"valueRequired\":true,\"valueName\":\"search_term_string\"}}],\"inLanguage\":\"en-US\"},{\"@type\":\"Organization\",\"@id\":\"https:\/\/www.mobilalacomandamures.ro\/#organization\",\"name\":\"MOBIL\u0102 LA COMAND\u0102 MURE\u0218 EXTRA MOB\",\"url\":\"https:\/\/www.mobilalacomandamures.ro\/\",\"logo\":{\"@type\":\"ImageObject\",\"inLanguage\":\"en-US\",\"@id\":\"https:\/\/www.mobilalacomandamures.ro\/#\/schema\/logo\/image\/\",\"url\":\"https:\/\/www.mobilalacomandamures.ro\/wp-content\/uploads\/2023\/12\/logo-nou-mobila-la-comanda.png\",\"contentUrl\":\"https:\/\/www.mobilalacomandamures.ro\/wp-content\/uploads\/2023\/12\/logo-nou-mobila-la-comanda.png\",\"width\":2292,\"height\":623,\"caption\":\"MOBIL\u0102 LA COMAND\u0102 MURE\u0218 EXTRA MOB\"},\"image\":{\"@id\":\"https:\/\/www.mobilalacomandamures.ro\/#\/schema\/logo\/image\/\"},\"sameAs\":[\"https:\/\/www.facebook.com\/extramobmures\",\"https:\/\/www.instagram.com\/xtramobila\/\"]}]}<\/script>\n<!-- \/ Yoast SEO plugin. -->","yoast_head_json":{"title":"PORTOFOLIU | Mobil\u0103 la comand\u0103 Mure\u0219 | EXTRA MOB SRL","robots":{"index":"index","follow":"follow","max-snippet":"max-snippet:-1","max-image-preview":"max-image-preview:large","max-video-preview":"max-video-preview:-1"},"canonical":"https:\/\/www.mobilalacomandamures.ro\/en\/portofoliu\/","og_locale":"en_US","og_type":"article","og_title":"PORTOFOLIU | Mobil\u0103 la comand\u0103 Mure\u0219 | EXTRA MOB SRL","og_description":"Proiectele noastre Descoperi\u021bi portofoliul nostru si l\u0103sa\u021bi-v\u0103 inspira\u021bi de proiectele noastre.\u00a0 &nbsp; &nbsp; &nbsp;Mobil\u0103 buc\u0103t\u0103rieMobilier spa\u021bii comercialeMobilier pentru copiiMobilier de livingMobilier de baiePanouri riflateInspiring","og_url":"https:\/\/www.mobilalacomandamures.ro\/en\/portofoliu\/","og_site_name":"Mobil\u0103 la comand\u0103 Mure\u0219 | EXTRA MOB SRL","article_publisher":"https:\/\/www.facebook.com\/extramobmures","article_modified_time":"2024-01-26T06:02:33+00:00","og_image":[{"width":800,"height":480,"url":"https:\/\/www.mobilalacomandamures.ro\/wp-content\/uploads\/2023\/12\/Adauga-un-antet-2.jpg","type":"image\/jpeg"}],"twitter_card":"summary_large_image","twitter_misc":{"Est. reading time":"9 minutes"},"schema":{"@context":"https:\/\/schema.org","@graph":[{"@type":"WebPage","@id":"https:\/\/www.mobilalacomandamures.ro\/portofoliu\/","url":"https:\/\/www.mobilalacomandamures.ro\/portofoliu\/","name":"PORTOFOLIU | Mobil\u0103 la comand\u0103 Mure\u0219 | EXTRA MOB SRL","isPartOf":{"@id":"https:\/\/www.mobilalacomandamures.ro\/#website"},"datePublished":"2023-12-12T16:35:45+00:00","dateModified":"2024-01-26T06:02:33+00:00","breadcrumb":{"@id":"https:\/\/www.mobilalacomandamures.ro\/portofoliu\/#breadcrumb"},"inLanguage":"en-US","potentialAction":[{"@type":"ReadAction","target":["https:\/\/www.mobilalacomandamures.ro\/portofoliu\/"]}]},{"@type":"BreadcrumbList","@id":"https:\/\/www.mobilalacomandamures.ro\/portofoliu\/#breadcrumb","itemListElement":[{"@type":"ListItem","position":1,"name":"Home","item":"https:\/\/www.mobilalacomandamures.ro\/"},{"@type":"ListItem","position":2,"name":"PORTOFOLIU"}]},{"@type":"WebSite","@id":"https:\/\/www.mobilalacomandamures.ro\/#website","url":"https:\/\/www.mobilalacomandamures.ro\/","name":"Mobila la comanda Targu Mure\u0219 | Extra Mob","description":"Mobil\u0103 de buc\u0103t\u0103rie la comand\u0103, mobilier comercial al comanda, Dormitoare la comand\u0103, Proiectare mobilier 3D, Montaj mobilier, debitare, c\u0103ntuire PAL, MDF","publisher":{"@id":"https:\/\/www.mobilalacomandamures.ro\/#organization"},"alternateName":"Extra Mob | Mobila la comanda Targu Mure\u0219","potentialAction":[{"@type":"SearchAction","target":{"@type":"EntryPoint","urlTemplate":"https:\/\/www.mobilalacomandamures.ro\/?s={search_term_string}"},"query-input":{"@type":"PropertyValueSpecification","valueRequired":true,"valueName":"search_term_string"}}],"inLanguage":"en-US"},{"@type":"Organization","@id":"https:\/\/www.mobilalacomandamures.ro\/#organization","name":"MOBIL\u0102 LA COMAND\u0102 MURE\u0218 EXTRA MOB","url":"https:\/\/www.mobilalacomandamures.ro\/","logo":{"@type":"ImageObject","inLanguage":"en-US","@id":"https:\/\/www.mobilalacomandamures.ro\/#\/schema\/logo\/image\/","url":"https:\/\/www.mobilalacomandamures.ro\/wp-content\/uploads\/2023\/12\/logo-nou-mobila-la-comanda.png","contentUrl":"https:\/\/www.mobilalacomandamures.ro\/wp-content\/uploads\/2023\/12\/logo-nou-mobila-la-comanda.png","width":2292,"height":623,"caption":"MOBIL\u0102 LA COMAND\u0102 MURE\u0218 EXTRA MOB"},"image":{"@id":"https:\/\/www.mobilalacomandamures.ro\/#\/schema\/logo\/image\/"},"sameAs":["https:\/\/www.facebook.com\/extramobmures","https:\/\/www.instagram.com\/xtramobila\/"]}]}},"_links":{"self":[{"href":"https:\/\/www.mobilalacomandamures.ro\/en\/wp-json\/wp\/v2\/pages\/15","targetHints":{"allow":["GET"]}}],"collection":[{"href":"https:\/\/www.mobilalacomandamures.ro\/en\/wp-json\/wp\/v2\/pages"}],"about":[{"href":"https:\/\/www.mobilalacomandamures.ro\/en\/wp-json\/wp\/v2\/types\/page"}],"author":[{"embeddable":true,"href":"https:\/\/www.mobilalacomandamures.ro\/en\/wp-json\/wp\/v2\/users\/2"}],"replies":[{"embeddable":true,"href":"https:\/\/www.mobilalacomandamures.ro\/en\/wp-json\/wp\/v2\/comments?post=15"}],"version-history":[{"count":34,"href":"https:\/\/www.mobilalacomandamures.ro\/en\/wp-json\/wp\/v2\/pages\/15\/revisions"}],"predecessor-version":[{"id":209125,"href":"https:\/\/www.mobilalacomandamures.ro\/en\/wp-json\/wp\/v2\/pages\/15\/revisions\/209125"}],"wp:attachment":[{"href":"https:\/\/www.mobilalacomandamures.ro\/en\/wp-json\/wp\/v2\/media?parent=15"}],"curies":[{"name":"wp","href":"https:\/\/api.w.org\/{rel}","templated":true}]}}